{"id":16910,"date":"2017-07-31T08:50:55","date_gmt":"2017-07-31T08:50:55","guid":{"rendered":"http:\/\/esorib.com\/?page_id=16910"},"modified":"2025-10-14T13:50:43","modified_gmt":"2025-10-14T13:50:43","slug":"tecnico-superior-en-protesis-dentales","status":"publish","type":"page","link":"http:\/\/esorib.com\/index.php\/formacion-y-masteres\/tecnico-superior-en-protesis-dentales\/","title":{"rendered":"T\u00e9cnico Superior en Pr\u00f3tesis Dental"},"content":{"rendered":"<p>[vc_row css_animation=\u00bb\u00bb row_type=\u00bbrow\u00bb use_row_as_full_screen_section=\u00bbno\u00bb type=\u00bbfull_width\u00bb angled_section=\u00bbno\u00bb text_align=\u00bbleft\u00bb background_image_as_pattern=\u00bbwithout_pattern\u00bb][vc_column width=\u00bb1\/4&#8243;][vc_empty_space height=\u00bb88px\u00bb][vc_column_text]<\/p>\n<p style=\"margin: 0cm 0cm 0.0001pt; text-align: left;\"><span style=\"font-size: 14pt;\"><strong><span style=\"font-family: Calibri, sans-serif;\">Escuela de Formaci\u00f3n de T\u00e9cnicos Superiores en Pr\u00f3tesis Dental<\/span><\/strong><\/span><\/p>\n<p>[\/vc_column_text][vc_separator type=\u00bbsmall\u00bb position=\u00bbleft\u00bb color=\u00bb#7fb9e0&#8243;][vc_column_text]<strong>Oferta Formativa<\/strong><br \/>\nCurso FP Grado Superior Pr\u00f3tesis Dental[\/vc_column_text][vc_separator type=\u00bbsmall\u00bb position=\u00bbleft\u00bb color=\u00bb#7fb9e0&#8243;][vc_column_text]<\/p>\n<ul>\n<li><strong>Equipo Profesional<\/strong><br \/>\nDirector: J.F. Ballester Ferrandis<br \/>\nProfesores:<\/li>\n<li>Jos\u00e9 F. Ballester Ferrandis<\/li>\n<li>Santiago Ballester Bon<\/li>\n<li>Mar\u00eda Aquino Puerta<\/li>\n<li>Mar\u00edaJes\u00fas Bon Tarazona<\/li>\n<li>Elizabeth Astros Rodr\u00edguez<\/li>\n<\/ul>\n<p>[\/vc_column_text][vc_separator type=\u00bbsmall\u00bb position=\u00bbleft\u00bb color=\u00bb#7fb9e0&#8243;][vc_column_text]<strong>Direcci\u00f3n<\/strong><br \/>\nCalle R\u00edo Adra, 32 &#8211; Bajo<br \/>\nCastell\u00f3n\u00a0&#8211;\u00a012002<\/p>\n<p>Tel: <strong>964 34 17 52<\/strong><\/p>\n<p>Email: <a href=\"mailto:esoribcfp@esorib.com\">esoribcfp@esorib.com<\/a>[\/vc_column_text][vc_separator type=\u00bbsmall\u00bb position=\u00bbleft\u00bb color=\u00bb#7fb9e0&#8243;][vc_empty_space height=\u00bb12px\u00bb][vc_gmaps link=\u00bb#E-8_JTNDaWZyYW1lJTIwc3JjJTNEJTIyaHR0cHMlM0ElMkYlMkZ3d3cuZ29vZ2xlLmNvbSUyRm1hcHMlMkZlbWJlZCUzRnBiJTNEJTIxMW0xOCUyMTFtMTIlMjExbTMlMjExZDEwMjg0LjAwOTU3NTQwMDI0OSUyMTJkLTAuMDUzOTQ5NTE5NDg4MjgwNzclMjEzZDM5Ljk3NTk1MDk0MzQ5NDE2JTIxMm0zJTIxMWYwJTIxMmYwJTIxM2YwJTIxM20yJTIxMWkxMDI0JTIxMmk3NjglMjE0ZjEzLjElMjEzbTMlMjExbTIlMjExczB4ZDYwMDA5ZjIwNDA3N2VmJTI1M0EweDU5NjUwMTJlOGY0ZWRlYmQlMjEyc0NhcnJlciUyQmRlbCUyQlJpdSUyQkFkcmElMjUyQyUyQjMyJTI1MkMlMkIxMjAwNiUyQkNhc3RlbGwlMjVDMyUyNUIzJTJCZGUlMkJsYSUyQlBsYW5hJTI1MkMlMkJDYXN0ZWxsJTI1QzMlMjVCMyUyMTVlMCUyMTNtMiUyMTFzZXMlMjEyc2VzJTIxNHYxNTAxNDg4MDEwMzUzJTIyJTIwd2lkdGglM0QlMjI2MDAlMjIlMjBoZWlnaHQlM0QlMjI0NTAlMjIlMjBmcmFtZWJvcmRlciUzRCUyMjAlMjIlMjBzdHlsZSUzRCUyMmJvcmRlciUzQTAlMjIlMjBhbGxvd2Z1bGxzY3JlZW4lM0UlM0MlMkZpZnJhbWUlM0U=\u00bb][\/vc_column][vc_column width=\u00bb3\/4&#8243;][vc_row_inner row_type=\u00bbrow\u00bb type=\u00bbfull_width\u00bb text_align=\u00bbleft\u00bb css_animation=\u00bb\u00bb][vc_column_inner][vc_column_text]<\/p>\n<h3 style=\"text-align: left;\"><strong>T\u00c9CNICO SUPERIOR EN PR\u00d3TESIS DENTAL (LOE)<\/strong><\/h3>\n<p>[\/vc_column_text][vc_separator type=\u00bbnormal\u00bb][vc_empty_space height=\u00bb36px\u00bb][\/vc_column_inner][\/vc_row_inner][vc_row_inner row_type=\u00bbrow\u00bb type=\u00bbfull_width\u00bb text_align=\u00bbleft\u00bb css_animation=\u00bb\u00bb][vc_column_inner width=\u00bb1\/2&#8243;][vc_column_text]En los estudios de T\u00e9cnico Superior en Pr\u00f3tesis Dental se combinan clases te\u00f3ricas y pr\u00e1cticas. Es por ello que ESORIB C.F.P. pone a vuestra disposici\u00f3n unas modernas instalaciones dotadas con los mejores medios audiovisuales para el desarrollo de las clases te\u00f3ricas, un laboratorio de vanguardia para efectuar las clases pr\u00e1cticas en condiciones \u00f3ptimas y un equipo docente altamente cualificado que garantizan una excelente ense\u00f1anza.<\/p>\n<p>Nuestro laboratorio de pr\u00e1cticas est\u00e1 equipado con todo el instrumental necesario para la pr\u00e1ctica de la pr\u00f3tesis dental, tal como mesas de trabajo, recortadoras, vibradores, centr\u00edfugas, hornos de precalentamiento, chorreadoras, etc.<\/p>\n<p>No obstante, hay un cierto material de uso individual que cada alumno deber\u00e1 aportar y que podr\u00e1 dejar en la escuela en casilleros cerrados individuales durante el a\u00f1o escolar y cuya relaci\u00f3n indicaremos.<br \/>\nEl cuidado y responsabilidad de este material es b\u00e1sico para su mantenimiento en las mejores condiciones a fin de realizar el trabajo con la mayor calidad y por este motivo es una de las \u00e1reas de ense\u00f1anza que se imparten en nuestra Escuela.<\/p>\n<p>&nbsp;<\/p>\n<h4>Perfil profesional<\/h4>\n<p>El \u00e1mbito de actuaci\u00f3n del prot\u00e9sico dental se extiende al dise\u00f1o, elaboraci\u00f3n, fabricaci\u00f3n y reparaci\u00f3n de pr\u00f3tesis y \u00f3rtesis dentofaciales adaptadas al paciente\/cliente a partir de las prescripciones de un facultativo (Odont\u00f3logos, Estomat\u00f3logos y Cirujanos M\u00e1xilo faciales), cumpliendo las normas de calidad, seguridad e higiene y en el tiempo establecido.[\/vc_column_text][vc_empty_space height=\u00bb40&#8243;][\/vc_column_inner][vc_column_inner width=\u00bb1\/2&#8243;][vc_single_image image=\u00bb18926&#8243; img_size=\u00bblarge\u00bb qode_css_animation=\u00bb\u00bb][vc_empty_space height=\u00bb60&#8243;][vc_column_text]<\/p>\n<h4>Caracter\u00edsticas<\/h4>\n<p>Denominaci\u00f3n: Pr\u00f3tesis Dentales<br \/>\nNivel: Ciclo Formativo de Grado Superior<br \/>\nDuraci\u00f3n: 2 a\u00f1os<br \/>\nFamilia Profesional: Sanidad<\/p>\n<p>&nbsp;<\/p>\n<h4>Requisitos\u00a0 de Acceso<\/h4>\n<p><strong>A. Acceso directo:<\/strong><\/p>\n<ul>\n<li>T\u00edtulo de Bachiller<\/li>\n<li>COU<\/li>\n<li>Titulaci\u00f3n Universitaria<\/li>\n<\/ul>\n<p><strong>B. Acceso mediante prueba<\/strong><\/p>\n<ul>\n<li>Superar la prueba de acceso al CFGS (ciclo formativo de grado superior) y tener 19 a\u00f1os.<\/li>\n<li>Prueba de acceso a la Universi\u00a1dad mayores de 25 a\u00f1os.<\/li>\n<\/ul>\n<p>[\/vc_column_text][\/vc_column_inner][\/vc_row_inner][vc_btn title=\u00bbINFORMACI\u00d3N CURSO Y DOCUMENTACI\u00d3N MATR\u00cdCULA \u00bb color=\u00bbprimary\u00bb align=\u00bbcenter\u00bb link=\u00bburl:http%3A%2F%2Fesorib.com%2Fwp-content%2Fuploads%2F2023%2F06%2FDocumentacion-completa-ESCUELA-ESORIB-web.pdf|title:Descargar%20gu%C3%ADa||\u00bb][vc_btn title=\u00bbGU\u00cdA T\u00c9CNICO SUPERIOR EN PR\u00d3TESIS DENTALES\u00bb color=\u00bbprimary\u00bb align=\u00bbcenter\u00bb link=\u00bburl:http%3A%2F%2Fesorib.com%2Fwp-content%2Fuploads%2F2022%2F02%2FGUIA_PD_.pdf|title:Descargar%20gu%C3%ADa||\u00bb][vc_btn title=\u00bbPGA 2025-2026&#8243; color=\u00bbprimary\u00bb align=\u00bbcenter\u00bb link=\u00bburl:http%3A%2F%2Fesorib.com%2Fwp-content%2Fuploads%2F2025%2F10%2FPGA-2025-2026-ESORIB.pdf|title:Descargar%20gu%C3%ADa||\u00bb][vc_btn title=\u00bbPGA 2024-2025&#8243; color=\u00bbprimary\u00bb align=\u00bbcenter\u00bb link=\u00bburl:http%3A%2F%2Fesorib.com%2Fwp-content%2Fuploads%2F2025%2F10%2FPGA-2024-2025.pdf|title:Descargar%20gu%C3%ADa||\u00bb][vc_btn title=\u00bbPGA 2023-2024&#8243; color=\u00bbprimary\u00bb align=\u00bbcenter\u00bb link=\u00bburl:http%3A%2F%2Fesorib.com%2Fwp-content%2Fuploads%2F2025%2F10%2FPGA-2023-2024.pdf|title:Descargar%20gu%C3%ADa||\u00bb][vc_empty_space height=\u00bb40px\u00bb]<span class=\"separator_with_icon\" style='color:#27844c;'><i class=\"fa fa-book\"><\/i><\/span>[vc_row_inner row_type=\u00bbrow\u00bb type=\u00bbfull_width\u00bb text_align=\u00bbleft\u00bb css_animation=\u00bb\u00bb][vc_column_inner width=\u00bb1\/2&#8243;][vc_empty_space height=\u00bb40px\u00bb][vc_column_text]<\/p>\n<h4 style=\"text-align: left;\">Campo de trabajo<\/h4>\n<p>El prot\u00e9sico dental puede desarrollar su actividad:<\/p>\n<p>En un laboratorio dental como t\u00e9cnico pr\u00f3tesis dental, t\u00e9cnico en pr\u00f3tesis fija, t\u00e9cnico en pr\u00f3tesis removible, t\u00e9cnico en ortodoncia\u2026, fabricando, modificando y reparando los diferentes tipos de pr\u00f3tesis.<\/p>\n<p>Administrar y gestionar un laboratorio de pr\u00f3tesis dental.<\/p>\n<p>&nbsp;<\/p>\n<h4>Salidas Profesionales<\/h4>\n<p>Trabajar como:<\/p>\n<ul>\n<li>T\u00e9cnico superior en pr\u00f3tesis dentales.<\/li>\n<li>T\u00e9cnico especialista en pr\u00f3tesis dentales.<\/li>\n<li>Responsable t\u00e9cnico de un laboratorio de pr\u00f3tesis dental.<\/li>\n<li>Comercial en la industria dental o dep\u00f3sitos dentales.<\/li>\n<li>Responsable t\u00e9cnico en departamentos de investigaci\u00f3n y desarrollo de productos en la industria dental.<\/li>\n<\/ul>\n<p>&nbsp;<\/p>\n<p>Seguir estudiando:<\/p>\n<ul>\n<li>Otro ciclo de Formaci\u00f3n Profesional de Grado Superior.<\/li>\n<li>Ense\u00f1anzas universitarias: Grados en Odontolog\u00eda, Educaci\u00f3n Social, Enfermer\u00eda, Logopedia, Podolog\u00eda, Terapia ocupacional, Trabajo social, Magisterio.<\/li>\n<\/ul>\n<p>[\/vc_column_text][\/vc_column_inner][vc_column_inner width=\u00bb1\/2&#8243;][vc_empty_space height=\u00bb40px\u00bb][vc_single_image image=\u00bb18927&#8243; img_size=\u00bblarge\u00bb qode_css_animation=\u00bb\u00bb][\/vc_column_inner][\/vc_row_inner][vc_empty_space height=\u00bb40px\u00bb]<span class=\"separator_with_icon\" style='color:#27844c;'><i class=\"fa fa-book\"><\/i><\/span>[vc_row_inner row_type=\u00bbrow\u00bb type=\u00bbfull_width\u00bb text_align=\u00bbleft\u00bb css_animation=\u00bb\u00bb][vc_column_inner width=\u00bb1\/2&#8243;][vc_empty_space height=\u00bb40px\u00bb][vc_empty_space height=\u00bb40px\u00bb][vc_column_text]<\/p>\n<h4 style=\"text-align: center;\">Proyecto Educativo<\/h4>\n<p>Nuestras l\u00edneas y metodolog\u00edas educativas son un proyecto vivo, que cambia y se adapta a las nuevas tecnolog\u00edas y las necesidades del mercado.<\/p>\n<p>Buscamos la excelencia y obtenemos grandes resultados como avala el 100% de empleabilidad de nuestros alumnos.[\/vc_column_text][\/vc_column_inner][vc_column_inner width=\u00bb1\/2&#8243;][vc_single_image image=\u00bb18928&#8243; img_size=\u00bblarge\u00bb qode_css_animation=\u00bb\u00bb][\/vc_column_inner][\/vc_row_inner][vc_row_inner row_type=\u00bbrow\u00bb type=\u00bbfull_width\u00bb text_align=\u00bbleft\u00bb css_animation=\u00bb\u00bb][vc_column_inner width=\u00bb1\/2&#8243;][vc_icon icon_fontawesome=\u00bbfa fa-cogs\u00bb align=\u00bbcenter\u00bb css=\u00bb.vc_custom_1614766037490{margin-bottom: 0px !important;}\u00bb][vc_column_text]Una ense\u00f1anza muy pr\u00e1ctica, comprensiva, accesible e integradora que permita el desarrollo profesional del alumno.<\/p>\n<p>A trav\u00e9s de un seguimiento individualizado del proceso de aprendizaje.[\/vc_column_text][\/vc_column_inner][vc_column_inner width=\u00bb1\/2&#8243;][vc_icon icon_fontawesome=\u00bbfa fa-user-md\u00bb align=\u00bbcenter\u00bb css=\u00bb.vc_custom_1614770395055{margin-bottom: 0px !important;}\u00bb][vc_column_text]La participaci\u00f3n en el proceso de ense\u00f1anza, fomentando el trabajo colaborativo, potenciando y desarrollando las capacidades b\u00e1sicas y facilitando el autoaprendizaje en todos los \u00e1mbitos.[\/vc_column_text][\/vc_column_inner][\/vc_row_inner][vc_row_inner row_type=\u00bbrow\u00bb type=\u00bbfull_width\u00bb text_align=\u00bbleft\u00bb css_animation=\u00bb\u00bb][vc_column_inner][vc_empty_space height=\u00bb74px\u00bb][vc_column_text]<\/p>\n<h4 style=\"text-align: center;\">L\u00edneas Metodol\u00f3gicas<\/h4>\n<p>[\/vc_column_text][vc_empty_space][\/vc_column_inner][\/vc_row_inner][vc_empty_space][vc_row_inner row_type=\u00bbrow\u00bb type=\u00bbfull_width\u00bb text_align=\u00bbleft\u00bb css_animation=\u00bb\u00bb][vc_column_inner width=\u00bb1\/3&#8243;][vc_icon icon_fontawesome=\u00bbfa fa-graduation-cap\u00bb align=\u00bbcenter\u00bb css=\u00bb.vc_custom_1614770792385{margin-bottom: 0px !important;}\u00bb][vc_column_text]Nuestro Proyecto Educativo se basa en formar profesionales de \u00e9xito y con proyecci\u00f3n de futuro, competentes para acceder al mundo laboral, adapt\u00e1ndose a los constantes cambios productivos.[\/vc_column_text][\/vc_column_inner][vc_column_inner width=\u00bb1\/3&#8243;][vc_icon icon_fontawesome=\u00bbfa fa-rocket\u00bb align=\u00bbcenter\u00bb css=\u00bb.vc_custom_1614770844642{margin-bottom: 0px !important;}\u00bb][vc_column_text]Para ello estamos convencidos de que es\u00a0 imprescindible ofertar una formaci\u00f3n lo m\u00e1s actualizada posible, que refleje esos cambios que el mundo laboral experimenta, junto con un trato individualizado con nuestros alumnos.[\/vc_column_text][\/vc_column_inner][vc_column_inner width=\u00bb1\/3&#8243;][vc_icon icon_fontawesome=\u00bbfa fa-puzzle-piece\u00bb align=\u00bbcenter\u00bb css=\u00bb.vc_custom_1614770919960{margin-bottom: 0px !important;}\u00bb][vc_column_text]Por otro lado, mantenemos una estrecha colaboraci\u00f3n con las empresas en las que nuestros alumnos realizan pr\u00e1cticas, ya que que permiten que aprendan en un entorno laboral real.<\/p>\n<p>Son las empresas las que comprueban que la formaci\u00f3n que impartimos es adecuada.[\/vc_column_text][\/vc_column_inner][\/vc_row_inner][vc_row_inner row_type=\u00bbrow\u00bb type=\u00bbfull_width\u00bb text_align=\u00bbleft\u00bb css_animation=\u00bb\u00bb][vc_column_inner][vc_empty_space height=\u00bb24&#8243;][vc_single_image image=\u00bb18929&#8243; img_size=\u00bblarge\u00bb alignment=\u00bbcenter\u00bb qode_css_animation=\u00bb\u00bb][\/vc_column_inner][\/vc_row_inner][vc_empty_space height=\u00bb24&#8243;][vc_row_inner row_type=\u00bbrow\u00bb type=\u00bbfull_width\u00bb text_align=\u00bbleft\u00bb css_animation=\u00bb\u00bb][vc_column_inner][vc_empty_space height=\u00bb24px\u00bb][vc_column_text]<\/p>\n<h4 style=\"text-align: center;\">Plan de Convivencia<\/h4>\n<p>[\/vc_column_text][\/vc_column_inner][\/vc_row_inner][vc_row_inner row_type=\u00bbrow\u00bb type=\u00bbfull_width\u00bb text_align=\u00bbleft\u00bb css_animation=\u00bb\u00bb][vc_column_inner width=\u00bb1\/2&#8243;][vc_icon icon_fontawesome=\u00bbfa fa-comments\u00bb align=\u00bbcenter\u00bb css=\u00bb.vc_custom_1614770353444{margin-bottom: 0px !important;}\u00bb][vc_empty_space height=\u00bb12&#8243;][vc_column_text]Desarrollar\u00a0 adecuadamente las relaciones entre todos los componentes de nuestra comunidad educativa, as\u00ed como favorecer la resoluci\u00f3n pac\u00edfica y educativa de los conflictos.[\/vc_column_text][\/vc_column_inner][vc_column_inner width=\u00bb1\/2&#8243;][vc_icon icon_fontawesome=\u00bbfa fa-users\u00bb align=\u00bbcenter\u00bb css=\u00bb.vc_custom_1614770483616{margin-bottom: 0px !important;}\u00bb][vc_column_text]NORMAS DE CONVIVENCIA<\/p>\n<ul>\n<li>Valores que pretendemos inculcar o potenciar.<\/li>\n<li>Normas que deben cumplir los alumnos.<\/li>\n<li>Obligaciones de los padres y de los profesores.<\/li>\n<\/ul>\n<p>[\/vc_column_text][\/vc_column_inner][\/vc_row_inner][vc_empty_space height=\u00bb24&#8243;][vc_row_inner row_type=\u00bbrow\u00bb type=\u00bbfull_width\u00bb text_align=\u00bbleft\u00bb css_animation=\u00bb\u00bb][vc_column_inner width=\u00bb1\/2&#8243;][vc_column_text]<\/p>\n<h4 style=\"text-align: center;\">Plan de Gesti\u00f3n Medioambiental<\/h4>\n<p>[\/vc_column_text][vc_icon icon_fontawesome=\u00bbfa fa-pagelines\u00bb align=\u00bbcenter\u00bb css=\u00bb.vc_custom_1614770612484{margin-bottom: 0px !important;}\u00bb][vc_column_text]PLAN DE GESTI\u00d3N DE RESIDUOS que proporciona un sistema de gesti\u00f3n avanzada, asegurando la higiene del Centro y la protecci\u00f3n de alumnos y trabajadores, especialmente aquellos responsables de la manipulaci\u00f3n de residuos peligrosos.[\/vc_column_text][\/vc_column_inner][vc_column_inner width=\u00bb1\/2&#8243;][vc_column_text]<\/p>\n<h4 style=\"text-align: center;\">Plan de Fomento de la Lectura<\/h4>\n<p>[\/vc_column_text][vc_icon icon_fontawesome=\u00bbfa fa-book\u00bb align=\u00bbcenter\u00bb css=\u00bb.vc_custom_1614770575663{margin-bottom: 0px !important;}\u00bb][vc_column_text]El perfil de los alumnos del Centro de Formaci\u00f3n Profesional ESORIB es muy t\u00e9cnico, por los que consideramos necesario fomentar h\u00e1bitos de lectura y escritura de textos que no sean exclusivamente t\u00e9cnicos.<\/p>\n<p>En las evaluaciones iniciales que todos los alumnos realizan se hace una prueba de lectura y escritura.[\/vc_column_text][\/vc_column_inner][\/vc_row_inner][vc_empty_space]<span class=\"separator_with_icon\" style='color:#27844c;'><i class=\"fa fa-book\"><\/i><\/span>[vc_empty_space][vc_single_image image=\u00bb18918&#8243; img_size=\u00bblarge\u00bb alignment=\u00bbcenter\u00bb qode_css_animation=\u00bb\u00bb][vc_empty_space height=\u00bb30px\u00bb][vc_accordion active_tab=\u00bbfalse\u00bb collapsible=\u00bbyes\u00bb style=\u00bbaccordion\u00bb][vc_accordion_tab title=\u00bbGALER\u00cdA DE IM\u00c1GENES\u00bb][vc_column_text]<b><span style=\"font-family: Arial;\">ALUMNOS DEL CENTRO ESORIB EN FORMACI\u00d3N DE T\u00c9CNICOS SUPERIORES EN PR\u00d3TESIS DENTAL REALIZANDO PR\u00c1CTICAS<\/span><\/b><\/p>\n\n\t\t<style type=\"text\/css\">\n\t\t\t#gallery-1 {\n\t\t\t\tmargin: auto;\n\t\t\t}\n\t\t\t#gallery-1 .gallery-item {\n\t\t\t\tfloat: left;\n\t\t\t\tmargin-top: 10px;\n\t\t\t\ttext-align: center;\n\t\t\t\twidth: 33%;\n\t\t\t}\n\t\t\t#gallery-1 img {\n\t\t\t\tborder: 2px solid #cfcfcf;\n\t\t\t}\n\t\t\t#gallery-1 .gallery-caption {\n\t\t\t\tmargin-left: 0;\n\t\t\t}\n\t\t\t\/* see gallery_shortcode() in wp-includes\/media.php *\/\n\t\t<\/style>\n\t\t<div id='gallery-1' class='gallery galleryid-16910 gallery-columns-3 gallery-size-thumbnail'><dl class='gallery-item'>\n\t\t\t<dt class='gallery-icon landscape'>\n\t\t\t\t<a href='http:\/\/esorib.com\/index.php\/formacion-y-masteres\/tecnico-superior-en-protesis-dentales\/attachment\/22\/'><img width=\"150\" height=\"150\" src=\"http:\/\/esorib.com\/wp-content\/uploads\/2017\/07\/22-150x150.jpg\" class=\"attachment-thumbnail size-thumbnail\" alt=\"\" loading=\"lazy\" \/><\/a>\n\t\t\t<\/dt><\/dl><dl class='gallery-item'>\n\t\t\t<dt class='gallery-icon landscape'>\n\t\t\t\t<a href='http:\/\/esorib.com\/index.php\/formacion-y-masteres\/tecnico-superior-en-protesis-dentales\/attachment\/23\/'><img width=\"150\" height=\"150\" src=\"http:\/\/esorib.com\/wp-content\/uploads\/2017\/07\/23-150x150.jpg\" class=\"attachment-thumbnail size-thumbnail\" alt=\"\" loading=\"lazy\" \/><\/a>\n\t\t\t<\/dt><\/dl><dl class='gallery-item'>\n\t\t\t<dt class='gallery-icon landscape'>\n\t\t\t\t<a href='http:\/\/esorib.com\/index.php\/formacion-y-masteres\/tecnico-superior-en-protesis-dentales\/attachment\/24\/'><img width=\"150\" height=\"150\" src=\"http:\/\/esorib.com\/wp-content\/uploads\/2017\/07\/24-150x150.jpg\" class=\"attachment-thumbnail size-thumbnail\" alt=\"\" loading=\"lazy\" \/><\/a>\n\t\t\t<\/dt><\/dl><br style=\"clear: both\" \/><dl class='gallery-item'>\n\t\t\t<dt class='gallery-icon landscape'>\n\t\t\t\t<a href='http:\/\/esorib.com\/index.php\/formacion-y-masteres\/tecnico-superior-en-protesis-dentales\/attachment\/25\/'><img width=\"150\" height=\"150\" src=\"http:\/\/esorib.com\/wp-content\/uploads\/2017\/07\/25-150x150.jpg\" class=\"attachment-thumbnail size-thumbnail\" alt=\"\" loading=\"lazy\" \/><\/a>\n\t\t\t<\/dt><\/dl><dl class='gallery-item'>\n\t\t\t<dt class='gallery-icon landscape'>\n\t\t\t\t<a href='http:\/\/esorib.com\/index.php\/formacion-y-masteres\/tecnico-superior-en-protesis-dentales\/attachment\/26\/'><img width=\"150\" height=\"150\" src=\"http:\/\/esorib.com\/wp-content\/uploads\/2017\/07\/26-150x150.jpg\" class=\"attachment-thumbnail size-thumbnail\" alt=\"\" loading=\"lazy\" \/><\/a>\n\t\t\t<\/dt><\/dl><dl class='gallery-item'>\n\t\t\t<dt class='gallery-icon landscape'>\n\t\t\t\t<a href='http:\/\/esorib.com\/index.php\/formacion-y-masteres\/tecnico-superior-en-protesis-dentales\/attachment\/27\/'><img width=\"150\" height=\"150\" src=\"http:\/\/esorib.com\/wp-content\/uploads\/2017\/07\/27-150x150.jpg\" class=\"attachment-thumbnail size-thumbnail\" alt=\"\" loading=\"lazy\" \/><\/a>\n\t\t\t<\/dt><\/dl><br style=\"clear: both\" \/>\n\t\t<\/div>\n\n<p>[\/vc_column_text][vc_column_text]<b><span style=\"font-family: Arial;\">TRABAJOS REALIZADOS POR LOS ALUMNOS DEL CENTRO ESORIB<\/span><\/b><\/p>\n\n\t\t<style type=\"text\/css\">\n\t\t\t#gallery-2 {\n\t\t\t\tmargin: auto;\n\t\t\t}\n\t\t\t#gallery-2 .gallery-item {\n\t\t\t\tfloat: left;\n\t\t\t\tmargin-top: 10px;\n\t\t\t\ttext-align: center;\n\t\t\t\twidth: 33%;\n\t\t\t}\n\t\t\t#gallery-2 img {\n\t\t\t\tborder: 2px solid #cfcfcf;\n\t\t\t}\n\t\t\t#gallery-2 .gallery-caption {\n\t\t\t\tmargin-left: 0;\n\t\t\t}\n\t\t\t\/* see gallery_shortcode() in wp-includes\/media.php *\/\n\t\t<\/style>\n\t\t<div id='gallery-2' class='gallery galleryid-16910 gallery-columns-3 gallery-size-thumbnail'><dl class='gallery-item'>\n\t\t\t<dt class='gallery-icon landscape'>\n\t\t\t\t<a href='http:\/\/esorib.com\/index.php\/formacion-y-masteres\/tecnico-superior-en-protesis-dentales\/attachment\/29\/'><img width=\"150\" height=\"150\" src=\"http:\/\/esorib.com\/wp-content\/uploads\/2017\/07\/29-150x150.jpg\" class=\"attachment-thumbnail size-thumbnail\" alt=\"\" loading=\"lazy\" \/><\/a>\n\t\t\t<\/dt><\/dl><dl class='gallery-item'>\n\t\t\t<dt class='gallery-icon landscape'>\n\t\t\t\t<a href='http:\/\/esorib.com\/index.php\/formacion-y-masteres\/tecnico-superior-en-protesis-dentales\/attachment\/30\/'><img width=\"150\" height=\"150\" src=\"http:\/\/esorib.com\/wp-content\/uploads\/2017\/07\/30-150x150.jpg\" class=\"attachment-thumbnail size-thumbnail\" alt=\"\" loading=\"lazy\" \/><\/a>\n\t\t\t<\/dt><\/dl><dl class='gallery-item'>\n\t\t\t<dt class='gallery-icon landscape'>\n\t\t\t\t<a href='http:\/\/esorib.com\/index.php\/formacion-y-masteres\/tecnico-superior-en-protesis-dentales\/attachment\/31\/'><img width=\"150\" height=\"150\" src=\"http:\/\/esorib.com\/wp-content\/uploads\/2017\/07\/31-150x150.jpg\" class=\"attachment-thumbnail size-thumbnail\" alt=\"\" loading=\"lazy\" \/><\/a>\n\t\t\t<\/dt><\/dl><br style=\"clear: both\" \/><dl class='gallery-item'>\n\t\t\t<dt class='gallery-icon landscape'>\n\t\t\t\t<a href='http:\/\/esorib.com\/index.php\/formacion-y-masteres\/tecnico-superior-en-protesis-dentales\/attachment\/32\/'><img width=\"150\" height=\"150\" src=\"http:\/\/esorib.com\/wp-content\/uploads\/2017\/07\/32-150x150.jpg\" class=\"attachment-thumbnail size-thumbnail\" alt=\"\" loading=\"lazy\" \/><\/a>\n\t\t\t<\/dt><\/dl><dl class='gallery-item'>\n\t\t\t<dt class='gallery-icon landscape'>\n\t\t\t\t<a href='http:\/\/esorib.com\/index.php\/formacion-y-masteres\/tecnico-superior-en-protesis-dentales\/attachment\/33\/'><img width=\"150\" height=\"150\" src=\"http:\/\/esorib.com\/wp-content\/uploads\/2017\/07\/33-150x150.jpg\" class=\"attachment-thumbnail size-thumbnail\" alt=\"\" loading=\"lazy\" \/><\/a>\n\t\t\t<\/dt><\/dl><dl class='gallery-item'>\n\t\t\t<dt class='gallery-icon landscape'>\n\t\t\t\t<a href='http:\/\/esorib.com\/index.php\/formacion-y-masteres\/tecnico-superior-en-protesis-dentales\/attachment\/34\/'><img width=\"150\" height=\"150\" src=\"http:\/\/esorib.com\/wp-content\/uploads\/2017\/07\/34-150x150.jpg\" class=\"attachment-thumbnail size-thumbnail\" alt=\"\" loading=\"lazy\" \/><\/a>\n\t\t\t<\/dt><\/dl><br style=\"clear: both\" \/><dl class='gallery-item'>\n\t\t\t<dt class='gallery-icon landscape'>\n\t\t\t\t<a href='http:\/\/esorib.com\/index.php\/formacion-y-masteres\/tecnico-superior-en-protesis-dentales\/attachment\/36\/'><img width=\"150\" height=\"150\" src=\"http:\/\/esorib.com\/wp-content\/uploads\/2017\/07\/36-150x150.jpg\" class=\"attachment-thumbnail size-thumbnail\" alt=\"\" loading=\"lazy\" \/><\/a>\n\t\t\t<\/dt><\/dl><dl class='gallery-item'>\n\t\t\t<dt class='gallery-icon landscape'>\n\t\t\t\t<a href='http:\/\/esorib.com\/index.php\/formacion-y-masteres\/tecnico-superior-en-protesis-dentales\/attachment\/37\/'><img width=\"150\" height=\"150\" src=\"http:\/\/esorib.com\/wp-content\/uploads\/2017\/07\/37-150x150.jpg\" class=\"attachment-thumbnail size-thumbnail\" alt=\"\" loading=\"lazy\" \/><\/a>\n\t\t\t<\/dt><\/dl>\n\t\t\t<br style='clear: both' \/>\n\t\t<\/div>\n\n<p>[\/vc_column_text][\/vc_accordion_tab][\/vc_accordion][vc_empty_space][vc_empty_space]<span class=\"separator_with_icon\" style='color:#27844c;'><i class=\"fa fa-book\"><\/i><\/span>[vc_empty_space height=\u00bb30px\u00bb][vc_row_inner row_type=\u00bbrow\u00bb type=\u00bbfull_width\u00bb text_align=\u00bbleft\u00bb css_animation=\u00bb\u00bb][vc_column_inner width=\u00bb1\/2&#8243;][vc_column_text]<\/p>\n<p style=\"padding-left: 60px;\">Si desea m\u00e1s informaci\u00f3n sobre la matr\u00edcula, puede descargarse los siguientes documentos informativos.<\/p>\n<p>[\/vc_column_text][\/vc_column_inner][vc_column_inner width=\u00bb1\/2&#8243;][vc_btn title=\u00bbInformaci\u00f3n matr\u00edcula\u00bb color=\u00bbpeacoc\u00bb align=\u00bbleft\u00bb link=\u00bburl:http%3A%2F%2Fesorib.com%2Fwp-content%2Fuploads%2F2021%2F09%2FDocumentos-matricula.zip|title:Informaci%C3%B3n%20matr%C3%ADcula|target:%20_blank|\u00bb][\/vc_column_inner][\/vc_row_inner][vc_empty_space height=\u00bb30px\u00bb][\/vc_column][\/vc_row]<\/p>\n","protected":false},"excerpt":{"rendered":"<p>[vc_row css_animation=\u00bb\u00bb row_type=\u00bbrow\u00bb use_row_as_full_screen_section=\u00bbno\u00bb type=\u00bbfull_width\u00bb angled_section=\u00bbno\u00bb text_align=\u00bbleft\u00bb background_image_as_pattern=\u00bbwithout_pattern\u00bb][vc_column width=\u00bb1\/4&#8243;][vc_empty_space height=\u00bb88px\u00bb][vc_column_text] Escuela de Formaci\u00f3n de T\u00e9cnicos Superiores en Pr\u00f3tesis Dental [\/vc_column_text][vc_separator type=\u00bbsmall\u00bb position=\u00bbleft\u00bb color=\u00bb#7fb9e0&#8243;][vc_column_text]Oferta Formativa Curso FP Grado Superior Pr\u00f3tesis Dental[\/vc_column_text][vc_separator type=\u00bbsmall\u00bb position=\u00bbleft\u00bb color=\u00bb#7fb9e0&#8243;][vc_column_text] Equipo Profesional Director: J.F. Ballester Ferrandis Profesores: Jos\u00e9 F. Ballester Ferrandis Santiago&#8230;<\/p>\n","protected":false},"author":1,"featured_media":0,"parent":16544,"menu_order":0,"comment_status":"closed","ping_status":"closed","template":"","meta":[],"_links":{"self":[{"href":"http:\/\/esorib.com\/index.php\/wp-json\/wp\/v2\/pages\/16910"}],"collection":[{"href":"http:\/\/esorib.com\/index.php\/wp-json\/wp\/v2\/pages"}],"about":[{"href":"http:\/\/esorib.com\/index.php\/wp-json\/wp\/v2\/types\/page"}],"author":[{"embeddable":true,"href":"http:\/\/esorib.com\/index.php\/wp-json\/wp\/v2\/users\/1"}],"replies":[{"embeddable":true,"href":"http:\/\/esorib.com\/index.php\/wp-json\/wp\/v2\/comments?post=16910"}],"version-history":[{"count":44,"href":"http:\/\/esorib.com\/index.php\/wp-json\/wp\/v2\/pages\/16910\/revisions"}],"predecessor-version":[{"id":19025,"href":"http:\/\/esorib.com\/index.php\/wp-json\/wp\/v2\/pages\/16910\/revisions\/19025"}],"up":[{"embeddable":true,"href":"http:\/\/esorib.com\/index.php\/wp-json\/wp\/v2\/pages\/16544"}],"wp:attachment":[{"href":"http:\/\/esorib.com\/index.php\/wp-json\/wp\/v2\/media?parent=16910"}],"curies":[{"name":"wp","href":"https:\/\/api.w.org\/{rel}","templated":true}]}}